{"id":3153,"date":"2024-03-19T09:45:23","date_gmt":"2024-03-19T08:45:23","guid":{"rendered":"https:\/\/w.turismehostalric.cat\/hostalric\/histoire-hostalric\/"},"modified":"2024-09-19T11:49:45","modified_gmt":"2024-09-19T09:49:45","slug":"histoire-hostalric","status":"publish","type":"page","link":"https:\/\/www.turismehostalric.cat\/fr\/hostalric\/histoire-hostalric\/","title":{"rendered":"Histoire Hostalric"},"content":{"rendered":"\t\t<div data-elementor-type=\"wp-page\" data-elementor-id=\"3153\" class=\"elementor elementor-3153 elementor-161\" data-elementor-post-type=\"page\">\n\t\t\t\t<div class=\"elementor-element elementor-element-1413c6f e-flex e-con-boxed wpr-particle-no wpr-jarallax-no wpr-parallax-no wpr-sticky-section-no wpr-equal-height-no e-con e-parent\" data-id=\"1413c6f\" data-element_type=\"container\">\n\t\t\t\t\t<div class=\"e-con-inner\">\n\t\t\t\t<div class=\"elementor-element elementor-element-efa4363 elementor-widget__width-initial elementor-widget elementor-widget-text-editor\" data-id=\"efa4363\" data-element_type=\"widget\" data-widget_type=\"text-editor.default\">\n\t\t\t\t<div class=\"elementor-widget-container\">\n\t\t\t\t\t\t\t\t\t<p>Les al\u00e9as g\u00e9ographiques ont fait que <b>la ville d&rsquo;Hostalric \u00e9tait situ\u00e9e au pied du soi-disant Cam\u00ed Ral<\/b> et au milieu d&rsquo;un r\u00e9seau de routes m\u00e9di\u00e9vales catalanes, ce qui faisait de la ville un lieu privil\u00e9gi\u00e9 et strat\u00e9gique.<\/p>\n<p>Le nom d\u2019Hostalric semble provenir d\u2019une auberge (\u00ab hostal \u00bb en catalan) mentionn\u00e9e d\u00e8s le XIe si\u00e8cle, mais ce n\u2019est qu\u2019en 1106 que le nom du village appara\u00eet et en 1145, que le ch\u00e2teau est cit\u00e9ell.<\/p>\n<p>En 1242, Jacques Ier dit le Conqu\u00e9rant autorise le vicomte de Cabrera \u00e0 tenir un march\u00e9 par semaine. Un an plus tard, le village re\u00e7oit la charte de peuplement afin de favoriser l\u2019installation d\u2019une population stable \u00e0 proximit\u00e9 du ch\u00e2teau.<\/p>\n\t\t\t\t\t\t\t\t<\/div>\n\t\t\t\t<\/div>\n\t\t\t\t<div class=\"elementor-element elementor-element-ade3b5e elementor-widget__width-initial elementor-widget elementor-widget-image\" data-id=\"ade3b5e\" data-element_type=\"widget\" data-widget_type=\"image.default\">\n\t\t\t\t<div class=\"elementor-widget-container\">\n\t\t\t\t\t\t\t\t\t\t\t\t\t\t\t<img fetchpriority=\"high\" decoding=\"async\" width=\"700\" height=\"450\" src=\"https:\/\/www.turismehostalric.cat\/wp-content\/uploads\/2024\/03\/50b41-Carrer-Major-1935.png\" class=\"attachment-large size-large wp-image-189\" alt=\"\" srcset=\"https:\/\/www.turismehostalric.cat\/wp-content\/uploads\/2024\/03\/50b41-Carrer-Major-1935.png 700w, https:\/\/www.turismehostalric.cat\/wp-content\/uploads\/2024\/03\/50b41-Carrer-Major-1935-300x193.png 300w\" sizes=\"(max-width: 700px) 100vw, 700px\" \/>\t\t\t\t\t\t\t\t\t\t\t\t\t\t\t<\/div>\n\t\t\t\t<\/div>\n\t\t\t\t\t<\/div>\n\t\t\t\t<\/div>\n\t\t<div class=\"elementor-element elementor-element-dfc3460 e-flex e-con-boxed wpr-particle-no wpr-jarallax-no wpr-parallax-no wpr-sticky-section-no wpr-equal-height-no e-con e-parent\" data-id=\"dfc3460\" data-element_type=\"container\">\n\t\t\t\t\t<div class=\"e-con-inner\">\n\t\t\t\t<div class=\"elementor-element elementor-element-2aeb427 elementor-widget__width-initial elementor-widget elementor-widget-image\" data-id=\"2aeb427\" data-element_type=\"widget\" data-widget_type=\"image.default\">\n\t\t\t\t<div class=\"elementor-widget-container\">\n\t\t\t\t\t\t\t\t\t\t\t\t\t\t\t<img decoding=\"async\" width=\"700\" height=\"450\" src=\"https:\/\/www.turismehostalric.cat\/wp-content\/uploads\/2024\/03\/8934d-1935-tren-i-al-fons-Hostalric.png\" class=\"attachment-full size-full wp-image-197\" alt=\"\" srcset=\"https:\/\/www.turismehostalric.cat\/wp-content\/uploads\/2024\/03\/8934d-1935-tren-i-al-fons-Hostalric.png 700w, https:\/\/www.turismehostalric.cat\/wp-content\/uploads\/2024\/03\/8934d-1935-tren-i-al-fons-Hostalric-300x193.png 300w\" sizes=\"(max-width: 700px) 100vw, 700px\" \/>\t\t\t\t\t\t\t\t\t\t\t\t\t\t\t<\/div>\n\t\t\t\t<\/div>\n\t\t\t\t<div class=\"elementor-element elementor-element-c9185b4 elementor-widget elementor-widget-text-editor\" data-id=\"c9185b4\" data-element_type=\"widget\" data-widget_type=\"text-editor.default\">\n\t\t\t\t<div class=\"elementor-widget-container\">\n\t\t\t\t\t\t\t\t\t<p><strong>Bernard Ier de Cabrera<\/strong> est \u00e0 l\u2019origine de la premi\u00e8re muraille du village. Avec ses descendants, <strong>Hostalric <\/strong> devient la capitale administrative des vastes territoires de la vicomt\u00e9.<\/p>\n<p>Les luttes f\u00e9odales r\u00e9sonn\u00e8rent dans la ville d&rsquo;Hostalric et en 1462 la <strong>Guerre des Remences<\/strong> laissa des traces lorsque les habitants de la ville r\u00e9sist\u00e8rent \u00e0 l&rsquo;ouverture des portes aux troupes de la Generalitat, qui coup\u00e8rent les vignes et les champs de bl\u00e9 mena\u00e7ant d&rsquo;entrer dans l&rsquo;enceinte fortifi\u00e9e. compos\u00e9.<\/p>\n<p>On d\u00e9cida alors de moderniser les fortifications de la ville et Pendant la guerre des Segadors (faucheurs), on r\u00e9alisa les premiers travaux de campagne, \u00e0 partir de terre-pleins en terre et de palissades pour prot\u00e9ger le ch\u00e2teau et les murailles m\u00e9di\u00e9vales.<\/p>\n<p>C\u2019est lors de la <strong>guerre de Succession<\/strong> que commen\u00e7a la construction des ouvrages permanents destin\u00e9s \u00e0 faire de la forteresse d\u2019Hostalric, un point n\u00e9vralgique du syst\u00e8me de d\u00e9fense de l\u2019arm\u00e9e de l\u2019archiduc en Catalogne.<\/p>\n\t\t\t\t\t\t\t\t<\/div>\n\t\t\t\t<\/div>\n\t\t\t\t\t<\/div>\n\t\t\t\t<\/div>\n\t\t<div class=\"elementor-element elementor-element-223dfe8 e-flex e-con-boxed wpr-particle-no wpr-jarallax-no wpr-parallax-no wpr-sticky-section-no wpr-equal-height-no e-con e-parent\" data-id=\"223dfe8\" data-element_type=\"container\">\n\t\t\t\t\t<div class=\"e-con-inner\">\n\t\t\t\t<div class=\"elementor-element elementor-element-7c12e41 elementor-widget__width-initial elementor-widget elementor-widget-text-editor\" data-id=\"7c12e41\" data-element_type=\"widget\" data-widget_type=\"text-editor.default\">\n\t\t\t\t<div class=\"elementor-widget-container\">\n\t\t\t\t\t\t\t\t\t<p>Pendant la <strong>Guerre d\u2019ind\u00e9pendance espagnole<\/strong>, Hostalric a jou\u00e9 un immense r\u00f4le, \u00e0 la fois en soutenant l\u2019entr\u00e9e des produits d\u2019\u00e9picerie pendant le si\u00e8ge de G\u00e9rone et en bloquant l\u2019arriv\u00e9e des troupes ennemies. C\u2019est la raison pour laquelle les Fran\u00e7ais devaient absolument prendre la ville.<\/p>\n<p>La ville fut mise \u00e0 sac et incendi\u00e9e le 7 novembre 1809 par une arm\u00e9e de 4000 hommes. Les Fran\u00e7ais br\u00fbl\u00e8rent tout le village et ses habitants durent fuir dans les villages voisins. En janvier 1810, les Fran\u00e7ais s\u2019empar\u00e8rent de la ville et commenc\u00e8rent le long si\u00e8ge du ch\u00e2teau. Apr\u00e8s 4 mois et plus de 4000 bombes lanc\u00e9es, le colonel Estrada et toute la garnison disponible tent\u00e8rent de sauver leur vie en ouvrant un passage entre les lignes ennemies et s\u2019\u00e9chapp\u00e8rent de la forteresse. Le lendemain, les Fran\u00e7ais s\u2019install\u00e8rent.<\/p>\n<p>Le capitaine g\u00e9n\u00e9ral de Catalogne remit une m\u00e9daille d\u2019or aux officiers de la garnison et une m\u00e9daille d\u2019argent \u00e0 la troupe. Elle portait l\u2019inscription suivante: <strong> \u00abValeur et fid\u00e9lit\u00e9 constante, Hostalric, le 12 mai 1810\u00bb.<\/strong><\/p>\n\t\t\t\t\t\t\t\t<\/div>\n\t\t\t\t<\/div>\n\t\t\t\t<div class=\"elementor-element elementor-element-576b938 elementor-widget__width-initial elementor-widget elementor-widget-image\" data-id=\"576b938\" data-element_type=\"widget\" data-widget_type=\"image.default\">\n\t\t\t\t<div class=\"elementor-widget-container\">\n\t\t\t\t\t\t\t\t\t\t\t\t\t\t\t<img decoding=\"async\" width=\"700\" height=\"450\" src=\"https:\/\/www.turismehostalric.cat\/wp-content\/uploads\/2024\/03\/612bb-Muralles.png\" class=\"attachment-full size-full wp-image-193\" alt=\"\" srcset=\"https:\/\/www.turismehostalric.cat\/wp-content\/uploads\/2024\/03\/612bb-Muralles.png 700w, https:\/\/www.turismehostalric.cat\/wp-content\/uploads\/2024\/03\/612bb-Muralles-300x193.png 300w\" sizes=\"(max-width: 700px) 100vw, 700px\" \/>\t\t\t\t\t\t\t\t\t\t\t\t\t\t\t<\/div>\n\t\t\t\t<\/div>\n\t\t\t\t\t<\/div>\n\t\t\t\t<\/div>\n\t\t<div class=\"elementor-element elementor-element-8ce1dcc e-flex e-con-boxed wpr-particle-no wpr-jarallax-no wpr-parallax-no wpr-sticky-section-no wpr-equal-height-no e-con e-parent\" data-id=\"8ce1dcc\" data-element_type=\"container\">\n\t\t\t\t\t<div class=\"e-con-inner\">\n\t\t\t\t<div class=\"elementor-element elementor-element-6891c92 elementor-widget-divider--view-line elementor-widget elementor-widget-divider\" data-id=\"6891c92\" data-element_type=\"widget\" data-widget_type=\"divider.default\">\n\t\t\t\t<div class=\"elementor-widget-container\">\n\t\t\t\t\t\t\t<div class=\"elementor-divider\">\n\t\t\t<span class=\"elementor-divider-separator\">\n\t\t\t\t\t\t<\/span>\n\t\t<\/div>\n\t\t\t\t\t\t<\/div>\n\t\t\t\t<\/div>\n\t\t\t\t<div class=\"elementor-element elementor-element-a3a6595 elementor-widget__width-initial elementor-widget elementor-widget-text-editor\" data-id=\"a3a6595\" data-element_type=\"widget\" data-widget_type=\"text-editor.default\">\n\t\t\t\t<div class=\"elementor-widget-container\">\n\t\t\t\t\t\t\t\t\t<p>Parmi les autres faits importants de ce si\u00e8cle, citons le d\u00e9samortissement du couvent des Minimes en 1835, l\u2019arriv\u00e9e des Carm\u00e9lites de la Charit\u00e9 qui se chargeront de l\u2019ancien h\u00f4pital et d\u2019une \u00e9cole de filles en 1856, l\u2019arriv\u00e9e du train en 1860, la f\u00eate litt\u00e9raire d\u00e9di\u00e9e \u00e0 Frederic Soler \u00abPitarra\u00bb en 1887, l\u2019installation de l\u2019\u00e9lectricit\u00e9 en 1895 et la construction de l\u2019usine de bouchons Llensa la vila.<\/p>\n\t\t\t\t\t\t\t\t<\/div>\n\t\t\t\t<\/div>\n\t\t\t\t<div class=\"elementor-element elementor-element-9b12c1a elementor-widget-divider--view-line elementor-widget elementor-widget-divider\" data-id=\"9b12c1a\" data-element_type=\"widget\" data-widget_type=\"divider.default\">\n\t\t\t\t<div class=\"elementor-widget-container\">\n\t\t\t\t\t\t\t<div class=\"elementor-divider\">\n\t\t\t<span class=\"elementor-divider-separator\">\n\t\t\t\t\t\t<\/span>\n\t\t<\/div>\n\t\t\t\t\t\t<\/div>\n\t\t\t\t<\/div>\n\t\t\t\t\t<\/div>\n\t\t\t\t<\/div>\n\t\t<div class=\"elementor-element elementor-element-d5daeeb e-flex e-con-boxed wpr-particle-no wpr-jarallax-no wpr-parallax-no wpr-sticky-section-no wpr-equal-height-no e-con e-parent\" data-id=\"d5daeeb\" data-element_type=\"container\">\n\t\t\t\t\t<div class=\"e-con-inner\">\n\t\t\t\t<div class=\"elementor-element elementor-element-8fd83c9 elementor-widget__width-initial elementor-widget elementor-widget-image\" data-id=\"8fd83c9\" data-element_type=\"widget\" data-widget_type=\"image.default\">\n\t\t\t\t<div class=\"elementor-widget-container\">\n\t\t\t\t\t\t\t\t\t\t\t\t\t\t\t<img loading=\"lazy\" decoding=\"async\" width=\"700\" height=\"450\" src=\"https:\/\/www.turismehostalric.cat\/wp-content\/uploads\/2024\/03\/8934d-1935-tren-i-al-fons-Hostalric.png\" class=\"attachment-large size-large wp-image-197\" alt=\"\" srcset=\"https:\/\/www.turismehostalric.cat\/wp-content\/uploads\/2024\/03\/8934d-1935-tren-i-al-fons-Hostalric.png 700w, https:\/\/www.turismehostalric.cat\/wp-content\/uploads\/2024\/03\/8934d-1935-tren-i-al-fons-Hostalric-300x193.png 300w\" sizes=\"(max-width: 700px) 100vw, 700px\" \/>\t\t\t\t\t\t\t\t\t\t\t\t\t\t\t<\/div>\n\t\t\t\t<\/div>\n\t\t\t\t<div class=\"elementor-element elementor-element-176434c elementor-widget__width-initial elementor-widget elementor-widget-text-editor\" data-id=\"176434c\" data-element_type=\"widget\" data-widget_type=\"text-editor.default\">\n\t\t\t\t<div class=\"elementor-widget-container\">\n\t\t\t\t\t\t\t\t\t<p>La Guerre civile commen\u00e7a avec l\u2019incendie de l\u2019\u00e9glise, mais la ville ne subit aucun bombardement. \u00c0 cette \u00e9poque, le ch\u00e2teau servait de d\u00e9p\u00f4t de carburant et de munitions pour les r\u00e9publicains et, apr\u00e8s la guerre, de refuge et d&rsquo;habitation pour de nombreux passants.<br \/> En juin 1939, la Mairie ordonna de changer tous les panneaux \u00e9crits en catalan.<br \/> Joan Guitart i Roca, dit \u00ab\u00a0Sanxo\u00a0\u00bb, fut maire de 1937 \u00e0 1939, date \u00e0 laquelle il fut appel\u00e9. En juillet de la m\u00eame ann\u00e9e, la r\u00e9pression franquiste le G\u00e9rone<\/p>\n<p>En 1949, l\u2019\u00c9tat vendit le ch\u00e2teau alors abandonn\u00e9 \u00e0 la mairie pour 18500 pesetas.<\/p>\n<p>En 1967, elle lan\u00e7a les travaux de r\u00e9novation et en fit un restauranttaps Llensa.<\/p>\n<p>C&rsquo;est en 1963 qu&rsquo;Hostalric f\u00fbt d\u00e9clar\u00e9 <strong>Bien Culturel d&rsquo;Int\u00e9r\u00eat national (BCIN)<\/strong>, une date qui a marqu\u00e9 le d\u00e9but de longs travaux continus de r\u00e9cup\u00e9ration, conservation et diffusion de son patrimoine architectural.<\/p>\n\t\t\t\t\t\t\t\t<\/div>\n\t\t\t\t<\/div>\n\t\t\t\t\t<\/div>\n\t\t\t\t<\/div>\n\t\t\t\t<\/div>\n\t\t","protected":false},"excerpt":{"rendered":"<p>Les al\u00e9as g\u00e9ographiques ont fait que la ville d&rsquo;Hostalric \u00e9tait situ\u00e9e au pied du soi-disant Cam\u00ed Ral et au milieu d&rsquo;un r\u00e9seau de routes m\u00e9di\u00e9vales catalanes, ce qui faisait de la ville un lieu privil\u00e9gi\u00e9 et strat\u00e9gique. Le nom d\u2019Hostalric semble provenir d\u2019une auberge (\u00ab hostal \u00bb en catalan) mentionn\u00e9e d\u00e8s le XIe si\u00e8cle, mais ce n\u2019est qu\u2019en 1106 que le nom du village appara\u00eet et en 1145, que le ch\u00e2teau est cit\u00e9ell. En 1242, Jacques Ier dit le Conqu\u00e9rant autorise le vicomte de Cabrera \u00e0 tenir un march\u00e9 par semaine. Un an plus tard, le village re\u00e7oit la charte de peuplement afin de favoriser l\u2019installation d\u2019une population stable \u00e0 proximit\u00e9 du ch\u00e2teau. Bernard Ier de Cabrera est \u00e0 l\u2019origine de la premi\u00e8re muraille du village. Avec ses descendants, Hostalric devient la capitale administrative des vastes territoires de la vicomt\u00e9. Les luttes f\u00e9odales r\u00e9sonn\u00e8rent dans la ville d&rsquo;Hostalric et en 1462 la Guerre des Remences laissa des traces lorsque les habitants de la ville r\u00e9sist\u00e8rent \u00e0 l&rsquo;ouverture des portes aux troupes de la Generalitat, qui coup\u00e8rent les vignes et les champs de bl\u00e9 mena\u00e7ant d&rsquo;entrer dans l&rsquo;enceinte fortifi\u00e9e. compos\u00e9. On d\u00e9cida alors de moderniser les fortifications de la ville et Pendant la guerre des Segadors (faucheurs), on r\u00e9alisa les premiers travaux de campagne, \u00e0 partir de terre-pleins en terre et de palissades pour prot\u00e9ger le ch\u00e2teau et les murailles m\u00e9di\u00e9vales. C\u2019est lors de la guerre de Succession que commen\u00e7a la construction des ouvrages permanents destin\u00e9s \u00e0 faire de la forteresse d\u2019Hostalric, un point n\u00e9vralgique du syst\u00e8me de d\u00e9fense de l\u2019arm\u00e9e de l\u2019archiduc en Catalogne. Pendant la Guerre d\u2019ind\u00e9pendance espagnole, Hostalric a jou\u00e9 un immense r\u00f4le, \u00e0 la fois en soutenant l\u2019entr\u00e9e des produits d\u2019\u00e9picerie pendant le si\u00e8ge de G\u00e9rone et en bloquant l\u2019arriv\u00e9e des troupes ennemies. C\u2019est la raison pour laquelle les Fran\u00e7ais devaient absolument prendre la ville. La ville fut mise \u00e0 sac et incendi\u00e9e le 7 novembre 1809 par une arm\u00e9e de 4000 hommes. Les Fran\u00e7ais br\u00fbl\u00e8rent tout le village et ses habitants durent fuir dans les villages voisins. En janvier 1810, les Fran\u00e7ais s\u2019empar\u00e8rent de la ville et commenc\u00e8rent le long si\u00e8ge du ch\u00e2teau. Apr\u00e8s 4 mois et plus de 4000 bombes lanc\u00e9es, le colonel Estrada et toute la garnison disponible tent\u00e8rent de sauver leur vie en ouvrant un passage entre les lignes ennemies et s\u2019\u00e9chapp\u00e8rent de la forteresse. Le lendemain, les Fran\u00e7ais s\u2019install\u00e8rent. Le capitaine g\u00e9n\u00e9ral de Catalogne remit une m\u00e9daille d\u2019or aux officiers de la garnison et une m\u00e9daille d\u2019argent \u00e0 la troupe. Elle portait l\u2019inscription suivante: \u00abValeur et fid\u00e9lit\u00e9 constante, Hostalric, le 12 mai 1810\u00bb. Parmi les autres faits importants de ce si\u00e8cle, citons le d\u00e9samortissement du couvent des Minimes en 1835, l\u2019arriv\u00e9e des Carm\u00e9lites de la Charit\u00e9 qui se chargeront de l\u2019ancien h\u00f4pital et d\u2019une \u00e9cole de filles en 1856, l\u2019arriv\u00e9e du train en 1860, la f\u00eate litt\u00e9raire d\u00e9di\u00e9e \u00e0 Frederic Soler \u00abPitarra\u00bb en 1887, l\u2019installation de l\u2019\u00e9lectricit\u00e9 en 1895 et la construction de l\u2019usine de bouchons Llensa la vila. La Guerre civile commen\u00e7a avec l\u2019incendie de l\u2019\u00e9glise, mais la ville ne subit aucun bombardement. \u00c0 cette \u00e9poque, le ch\u00e2teau servait de d\u00e9p\u00f4t de carburant et de munitions pour les r\u00e9publicains et, apr\u00e8s la guerre, de refuge et d&rsquo;habitation pour de nombreux passants. En juin 1939, la Mairie ordonna de changer tous les panneaux \u00e9crits en catalan. Joan Guitart i Roca, dit \u00ab\u00a0Sanxo\u00a0\u00bb, fut maire de 1937 \u00e0 1939, date \u00e0 laquelle il fut appel\u00e9. En juillet de la m\u00eame ann\u00e9e, la r\u00e9pression franquiste le G\u00e9rone En 1949, l\u2019\u00c9tat vendit le ch\u00e2teau alors abandonn\u00e9 \u00e0 la mairie pour 18500 pesetas. En 1967, elle lan\u00e7a les travaux de r\u00e9novation et en fit un restauranttaps Llensa. C&rsquo;est en 1963 qu&rsquo;Hostalric f\u00fbt d\u00e9clar\u00e9 Bien Culturel d&rsquo;Int\u00e9r\u00eat national (BCIN), une date qui a marqu\u00e9 le d\u00e9but de longs travaux continus de r\u00e9cup\u00e9ration, conservation et diffusion de son patrimoine architectural.<\/p>\n","protected":false},"author":1,"featured_media":164,"parent":2818,"menu_order":7,"comment_status":"closed","ping_status":"closed","template":"","meta":{"_acf_changed":false,"footnotes":""},"class_list":["post-3153","page","type-page","status-publish","has-post-thumbnail"],"acf":[],"_links":{"self":[{"href":"https:\/\/www.turismehostalric.cat\/fr\/wp-json\/wp\/v2\/pages\/3153","targetHints":{"allow":["GET"]}}],"collection":[{"href":"https:\/\/www.turismehostalric.cat\/fr\/wp-json\/wp\/v2\/pages"}],"about":[{"href":"https:\/\/www.turismehostalric.cat\/fr\/wp-json\/wp\/v2\/types\/page"}],"author":[{"embeddable":true,"href":"https:\/\/www.turismehostalric.cat\/fr\/wp-json\/wp\/v2\/users\/1"}],"replies":[{"embeddable":true,"href":"https:\/\/www.turismehostalric.cat\/fr\/wp-json\/wp\/v2\/comments?post=3153"}],"version-history":[{"count":0,"href":"https:\/\/www.turismehostalric.cat\/fr\/wp-json\/wp\/v2\/pages\/3153\/revisions"}],"up":[{"embeddable":true,"href":"https:\/\/www.turismehostalric.cat\/fr\/wp-json\/wp\/v2\/pages\/2818"}],"wp:featuredmedia":[{"embeddable":true,"href":"https:\/\/www.turismehostalric.cat\/fr\/wp-json\/wp\/v2\/media\/164"}],"wp:attachment":[{"href":"https:\/\/www.turismehostalric.cat\/fr\/wp-json\/wp\/v2\/media?parent=3153"}],"curies":[{"name":"wp","href":"https:\/\/api.w.org\/{rel}","templated":true}]}}