{"id":5262,"date":"2024-03-21T13:54:00","date_gmt":"2024-03-21T12:54:00","guid":{"rendered":"https:\/\/www.turismehostalric.cat\/el-que-pots-visitar\/entree-au-chateau-dhostalric\/"},"modified":"2026-01-15T11:45:00","modified_gmt":"2026-01-15T10:45:00","slug":"entree-au-chateau-dhostalric","status":"publish","type":"el-que-pots-visitar","link":"https:\/\/www.turismehostalric.cat\/fr\/el-que-pots-visitar\/entree-au-chateau-dhostalric\/","title":{"rendered":"Entr\u00e9e au ch\u00e2teau d&rsquo;Hostalric"},"content":{"rendered":"\t\t<div data-elementor-type=\"wp-post\" data-elementor-id=\"5262\" class=\"elementor elementor-5262 elementor-676\" data-elementor-post-type=\"el-que-pots-visitar\">\n\t\t\t\t<div class=\"elementor-element elementor-element-30ce765 e-flex e-con-boxed wpr-particle-no wpr-jarallax-no wpr-parallax-no wpr-sticky-section-no wpr-equal-height-no e-con e-parent\" data-id=\"30ce765\" data-element_type=\"container\">\n\t\t\t\t\t<div class=\"e-con-inner\">\n\t\t\t\t<div class=\"elementor-element elementor-element-790ce05 elementor-widget elementor-widget-video\" data-id=\"790ce05\" data-element_type=\"widget\" data-settings=\"{&quot;youtube_url&quot;:&quot;https:\\\/\\\/www.youtube.com\\\/watch?v=kO3xKRMghZ0&quot;,&quot;yt_privacy&quot;:&quot;yes&quot;,&quot;video_type&quot;:&quot;youtube&quot;,&quot;controls&quot;:&quot;yes&quot;}\" data-widget_type=\"video.default\">\n\t\t\t\t<div class=\"elementor-widget-container\">\n\t\t\t\t\t\t\t<div class=\"elementor-wrapper elementor-open-inline\">\n\t\t\t<div class=\"elementor-video\"><\/div>\t\t<\/div>\n\t\t\t\t\t\t<\/div>\n\t\t\t\t<\/div>\n\t\t\t\t<div class=\"elementor-element elementor-element-3be8c0b8 elementor-widget elementor-widget-text-editor\" data-id=\"3be8c0b8\" data-element_type=\"widget\" data-widget_type=\"text-editor.default\">\n\t\t\t\t<div class=\"elementor-widget-container\">\n\t\t\t\t\t\t\t\t\t<p><strong>Visitez le Ch\u00e2teau d&rsquo;Hostalric \u00e0 votre guise !<\/strong><\/p><p>Le ch\u00e2teau d\u2019Hostalric, un fort \u00e0 votre disposition! Le ch\u00e2teau d\u2019Hostalric, un fort \u00e0 votre disposition ! Faites un voyage dans le temps et visitez les espaces les plus importants de la forteresse (corps de garde, bastions, poudri\u00e8re, galerie anti-bombes\u2026) en parcourant le ch\u00e2teau \u00e0 votre guise en achetant une entr\u00e9e autoguid\u00e9e du ch\u00e2teau.<\/p><p>En vous promenant dans les parties ouvertes de la forteresse, vous profiterez des vues magnifiques sur le massif du Montseny et la cha\u00eene de montagnes du Montnegre et du Corredor depuis la cour d\u2019armes, ou du cadre naturel des potagers de l\u2019Hostalric, et de la plaine de La Selva depuis le ravelin!<\/p><p>L\u2019entr\u00e9e autoguid\u00e9e comprend le mat\u00e9riel de support \u00e0 la visite, les audiovisuels et la maquette interactive, qui permettront de comprendre l\u2019\u00e9volution d\u2019un ch\u00e2teau m\u00e9di\u00e9val vers une forteresse moderne.<\/p>\t\t\t\t\t\t\t\t<\/div>\n\t\t\t\t<\/div>\n\t\t\t\t<div class=\"elementor-element elementor-element-0ebf9b8 elementor-align-justify elementor-widget elementor-widget-button\" data-id=\"0ebf9b8\" data-element_type=\"widget\" data-widget_type=\"button.default\">\n\t\t\t\t<div class=\"elementor-widget-container\">\n\t\t\t\t\t\t\t\t\t<div class=\"elementor-button-wrapper\">\n\t\t\t\t\t<a class=\"elementor-button elementor-button-link elementor-size-sm\" href=\"#elementor-action%3Aaction%3Dpopup%3Aopen%26settings%3DeyJpZCI6MjQzNCwidG9nZ2xlIjpmYWxzZX0%3D\">\n\t\t\t\t\t\t<span class=\"elementor-button-content-wrapper\">\n\t\t\t\t\t\t\t\t\t<span class=\"elementor-button-text\">Achetez la visite autoguid\u00e9e ici&nbsp;!<\/span>\n\t\t\t\t\t<\/span>\n\t\t\t\t\t<\/a>\n\t\t\t\t<\/div>\n\t\t\t\t\t\t\t\t<\/div>\n\t\t\t\t<\/div>\n\t\t\t\t\t<\/div>\n\t\t\t\t<\/div>\n\t\t<div class=\"elementor-element elementor-element-381d883 e-flex e-con-boxed wpr-particle-no wpr-jarallax-no wpr-parallax-no wpr-sticky-section-no wpr-equal-height-no e-con e-parent\" data-id=\"381d883\" data-element_type=\"container\">\n\t\t\t\t\t<div class=\"e-con-inner\">\n\t\t<div class=\"elementor-element elementor-element-810d6d2 e-con-full e-flex wpr-particle-no wpr-jarallax-no wpr-parallax-no wpr-sticky-section-no wpr-equal-height-no e-con e-child\" data-id=\"810d6d2\" data-element_type=\"container\">\n\t\t\t\t<div class=\"elementor-element elementor-element-a6eb143 elementor-widget-divider--view-line_text elementor-widget-divider--element-align-left elementor-widget elementor-widget-divider\" data-id=\"a6eb143\" data-element_type=\"widget\" data-widget_type=\"divider.default\">\n\t\t\t\t<div class=\"elementor-widget-container\">\n\t\t\t\t\t\t\t<div class=\"elementor-divider\">\n\t\t\t<span class=\"elementor-divider-separator\">\n\t\t\t\t\t\t\t<span class=\"elementor-divider__text elementor-divider__element\">\n\t\t\t\tHoraires d'ouverture\t\t\t\t<\/span>\n\t\t\t\t\t\t<\/span>\n\t\t<\/div>\n\t\t\t\t\t\t<\/div>\n\t\t\t\t<\/div>\n\t\t\t\t<div class=\"elementor-element elementor-element-3f3c023 elementor-widget elementor-widget-text-editor\" data-id=\"3f3c023\" data-element_type=\"widget\" data-widget_type=\"text-editor.default\">\n\t\t\t\t<div class=\"elementor-widget-container\">\n\t\t\t\t\t\t\t\t\t<ul><li><b>Du 01\/01 au 31\/03 : samedi, dimanche et jours f\u00e9ri\u00e9s de 10h00 \u00e0 14h00.<\/b><\/li><li>Du 01\/04 au 30\/06 : du jeudi au dimanche et jours f\u00e9ri\u00e9s de 10h00 \u00e0 14h00 et le samedi de 10h00 \u00e0 14h00 et de 15h00 \u00e0 18h00.<\/li><li>Du 1er juillet au 27 septembre : du mardi au samedi de 10h00 \u00e0 14h00 et de 16h00 \u00e0 19h00 et le dimanche de 10h00 \u00e0 14h00.<\/li><li>Du 28\/09 au 01\/11 : du jeudi au dimanche et jours f\u00e9ri\u00e9s de 10h00 \u00e0 14h00 et le samedi de 10h00 \u00e0 14h00 et de 15h00 \u00e0 18h00.<\/li><li>Du 02\/11 au 31\/12 : samedi, dimanche et jours f\u00e9ri\u00e9s de 10h00 \u00e0 14h00.<\/li><\/ul>\t\t\t\t\t\t\t\t<\/div>\n\t\t\t\t<\/div>\n\t\t\t\t<div class=\"elementor-element elementor-element-a51c194 elementor-widget__width-initial elementor-widget elementor-widget-text-editor\" data-id=\"a51c194\" data-element_type=\"widget\" data-widget_type=\"text-editor.default\">\n\t\t\t\t<div class=\"elementor-widget-container\">\n\t\t\t\t\t\t\t\t\t<p><strong>La billetterie ferme 30 minutes avant la fermeture.<\/strong><br>Le ch\u00e2teau sera ferm\u00e9 \u00e0 No\u00ebl (25\/12), au Nouvel An (1\/01) et \u00e0 l&rsquo;\u00c9piphanie (6\/01).<\/p>\t\t\t\t\t\t\t\t<\/div>\n\t\t\t\t<\/div>\n\t\t\t\t<\/div>\n\t\t<div class=\"elementor-element elementor-element-36a4e55 e-con-full e-flex wpr-particle-no wpr-jarallax-no wpr-parallax-no wpr-sticky-section-no wpr-equal-height-no e-con e-child\" data-id=\"36a4e55\" data-element_type=\"container\">\n\t\t\t\t<div class=\"elementor-element elementor-element-f93903e elementor-widget-divider--view-line_text elementor-widget-divider--element-align-left elementor-widget elementor-widget-divider\" data-id=\"f93903e\" data-element_type=\"widget\" data-widget_type=\"divider.default\">\n\t\t\t\t<div class=\"elementor-widget-container\">\n\t\t\t\t\t\t\t<div class=\"elementor-divider\">\n\t\t\t<span class=\"elementor-divider-separator\">\n\t\t\t\t\t\t\t<span class=\"elementor-divider__text elementor-divider__element\">\n\t\t\t\tTarifs\t\t\t\t<\/span>\n\t\t\t\t\t\t<\/span>\n\t\t<\/div>\n\t\t\t\t\t\t<\/div>\n\t\t\t\t<\/div>\n\t\t\t\t<div class=\"elementor-element elementor-element-4ed0ad0 elementor-widget elementor-widget-text-editor\" data-id=\"4ed0ad0\" data-element_type=\"widget\" data-widget_type=\"text-editor.default\">\n\t\t\t\t<div class=\"elementor-widget-container\">\n\t\t\t\t\t\t\t\t\t<p><strong>Tarif g\u00e9n\u00e9ral :<\/strong> 5 \u20ac<br><strong>Tarif r\u00e9duit :<\/strong> 4 \u20ac (enfants de 7 \u00e0 18 ans, titulaires d&rsquo;un Carnet Jove, handicap functionnel et retrait\u00e9s)<br><strong>Entr\u00e9e gratuite :<\/strong> enfants de moins de 6 ans<\/p><p class=\"p1\">Seuls les paiements par carte sont accept\u00e9s, conform\u00e9ment \u00e0 l&rsquo;accord du conseil des collectivit\u00e9s locales du 14 avril 2025.<\/p><p><strong>Offre pour les abonn\u00e9s :<\/strong> Diari Girona, Punt Avui, La Vanguardia, Regi\u00f3 7 et Diari Ara : 2 x 1<br><br><strong>Accords:<\/strong> 50% de r\u00e9duction sur l&rsquo;entr\u00e9e au Mus\u00e9e de la Propri\u00e9t\u00e9 Fogars de la Selva et 20% sur l&rsquo;entr\u00e9e au Jardin Botanique Marimutra de Blanes. Le billet doit \u00eatre pr\u00e9sent\u00e9 au Point Information du Ch\u00e2teau. R\u00e9duction non applicable pour la plateforme de vente de billets.<\/p>\t\t\t\t\t\t\t\t<\/div>\n\t\t\t\t<\/div>\n\t\t\t\t<\/div>\n\t\t\t\t\t<\/div>\n\t\t\t\t<\/div>\n\t\t\t\t<\/div>\n\t\t","protected":false},"excerpt":{"rendered":"<p>https:\/\/www.youtube.com\/watch?v=kO3xKRMghZ0 Visitez le Ch\u00e2teau d&rsquo;Hostalric \u00e0 votre guise ! Le ch\u00e2teau d\u2019Hostalric, un fort \u00e0 votre disposition! Le ch\u00e2teau d\u2019Hostalric, un fort \u00e0 votre disposition ! Faites un voyage dans le temps et visitez les espaces les plus importants de la forteresse (corps de garde, bastions, poudri\u00e8re, galerie anti-bombes\u2026) en parcourant le ch\u00e2teau \u00e0 votre guise en achetant une entr\u00e9e autoguid\u00e9e du ch\u00e2teau. En vous promenant dans les parties ouvertes de la forteresse, vous profiterez des vues magnifiques sur le massif du Montseny et la cha\u00eene de montagnes du Montnegre et du Corredor depuis la cour d\u2019armes, ou du cadre naturel des potagers de l\u2019Hostalric, et de la plaine de La Selva depuis le ravelin! L\u2019entr\u00e9e autoguid\u00e9e comprend le mat\u00e9riel de support \u00e0 la visite, les audiovisuels et la maquette interactive, qui permettront de comprendre l\u2019\u00e9volution d\u2019un ch\u00e2teau m\u00e9di\u00e9val vers une forteresse moderne. Achetez la visite autoguid\u00e9e ici&nbsp;! Horaires d&rsquo;ouverture Du 01\/01 au 31\/03 : samedi, dimanche et jours f\u00e9ri\u00e9s de 10h00 \u00e0 14h00. Du 01\/04 au 30\/06 : du jeudi au dimanche et jours f\u00e9ri\u00e9s de 10h00 \u00e0 14h00 et le samedi de 10h00 \u00e0 14h00 et de 15h00 \u00e0 18h00. Du 1er juillet au 27 septembre : du mardi au samedi de 10h00 \u00e0 14h00 et de 16h00 \u00e0 19h00 et le dimanche de 10h00 \u00e0 14h00. Du 28\/09 au 01\/11 : du jeudi au dimanche et jours f\u00e9ri\u00e9s de 10h00 \u00e0 14h00 et le samedi de 10h00 \u00e0 14h00 et de 15h00 \u00e0 18h00. Du 02\/11 au 31\/12 : samedi, dimanche et jours f\u00e9ri\u00e9s de 10h00 \u00e0 14h00. La billetterie ferme 30 minutes avant la fermeture.Le ch\u00e2teau sera ferm\u00e9 \u00e0 No\u00ebl (25\/12), au Nouvel An (1\/01) et \u00e0 l&rsquo;\u00c9piphanie (6\/01). Tarifs Tarif g\u00e9n\u00e9ral : 5 \u20acTarif r\u00e9duit : 4 \u20ac (enfants de 7 \u00e0 18 ans, titulaires d&rsquo;un Carnet Jove, handicap functionnel et retrait\u00e9s)Entr\u00e9e gratuite : enfants de moins de 6 ans Seuls les paiements par carte sont accept\u00e9s, conform\u00e9ment \u00e0 l&rsquo;accord du conseil des collectivit\u00e9s locales du 14 avril 2025. Offre pour les abonn\u00e9s : Diari Girona, Punt Avui, La Vanguardia, Regi\u00f3 7 et Diari Ara : 2 x 1 Accords: 50% de r\u00e9duction sur l&rsquo;entr\u00e9e au Mus\u00e9e de la Propri\u00e9t\u00e9 Fogars de la Selva et 20% sur l&rsquo;entr\u00e9e au Jardin Botanique Marimutra de Blanes. Le billet doit \u00eatre pr\u00e9sent\u00e9 au Point Information du Ch\u00e2teau. R\u00e9duction non applicable pour la plateforme de vente de billets.<\/p>\n","protected":false},"featured_media":1991,"template":"","meta":{"_acf_changed":false},"class_list":["post-5262","el-que-pots-visitar","type-el-que-pots-visitar","status-publish","has-post-thumbnail","hentry"],"acf":[],"_links":{"self":[{"href":"https:\/\/www.turismehostalric.cat\/fr\/wp-json\/wp\/v2\/el-que-pots-visitar\/5262","targetHints":{"allow":["GET"]}}],"collection":[{"href":"https:\/\/www.turismehostalric.cat\/fr\/wp-json\/wp\/v2\/el-que-pots-visitar"}],"about":[{"href":"https:\/\/www.turismehostalric.cat\/fr\/wp-json\/wp\/v2\/types\/el-que-pots-visitar"}],"version-history":[{"count":8,"href":"https:\/\/www.turismehostalric.cat\/fr\/wp-json\/wp\/v2\/el-que-pots-visitar\/5262\/revisions"}],"predecessor-version":[{"id":7061,"href":"https:\/\/www.turismehostalric.cat\/fr\/wp-json\/wp\/v2\/el-que-pots-visitar\/5262\/revisions\/7061"}],"wp:featuredmedia":[{"embeddable":true,"href":"https:\/\/www.turismehostalric.cat\/fr\/wp-json\/wp\/v2\/media\/1991"}],"wp:attachment":[{"href":"https:\/\/www.turismehostalric.cat\/fr\/wp-json\/wp\/v2\/media?parent=5262"}],"curies":[{"name":"wp","href":"https:\/\/api.w.org\/{rel}","templated":true}]}}