{"id":834,"date":"2024-03-21T15:44:34","date_gmt":"2024-03-21T14:44:34","guid":{"rendered":"https:\/\/w.turismehostalric.cat\/?page_id=834"},"modified":"2024-05-06T20:07:57","modified_gmt":"2024-05-06T18:07:57","slug":"a-prop","status":"publish","type":"page","link":"https:\/\/www.turismehostalric.cat\/ca\/que-fer-a-hostalric\/a-prop\/","title":{"rendered":"A prop"},"content":{"rendered":"\t\t<div data-elementor-type=\"wp-page\" data-elementor-id=\"834\" class=\"elementor elementor-834\" data-elementor-post-type=\"page\">\n\t\t\t\t<div class=\"elementor-element elementor-element-310770d e-flex e-con-boxed wpr-particle-no wpr-jarallax-no wpr-parallax-no wpr-sticky-section-no wpr-equal-height-no e-con e-parent\" data-id=\"310770d\" data-element_type=\"container\">\n\t\t\t\t\t<div class=\"e-con-inner\">\n\t\t\t\t<div class=\"elementor-element elementor-element-687ee5e elementor-widget elementor-widget-text-editor\" data-id=\"687ee5e\" data-element_type=\"widget\" data-widget_type=\"text-editor.default\">\n\t\t\t\t<div class=\"elementor-widget-container\">\n\t\t\t\t\t\t\t\t\t<p>Hostalric gaudeix d\u2019un empla\u00e7ament privilegiat i d\u2019una molt\u00a0<strong>bona comunicaci\u00f3<\/strong>. La vila est\u00e0 situada al costat del\u00a0<a href=\"https:\/\/www.turismehostalric.cat\/ca\/espais-naturals\/la-tordera\"><strong>riu Tordera<\/strong><\/a>\u00a0i \u00e9s una de les portes d\u2019entrada al\u00a0<strong>Parc Natural del Montseny<\/strong>\u00a0i el\u00a0<strong>Parc del Montnegre Corredor<\/strong>.\u00a0<strong><a href=\"https:\/\/www.turismehostalric.cat\/ca\/ciutats\/girona\">Girona<\/a>\u00a0i Barcelona<\/strong>\u00a0es troben a\u00a0<strong>40 i 60 km<\/strong>\u00a0respectivament, i a 30 minuts en cotxe hi tenim els principals nuclis tur\u00edstics de la\u00a0<strong>Costa Brava<\/strong>.<\/p>\t\t\t\t\t\t\t\t<\/div>\n\t\t\t\t<\/div>\n\t\t\t\t\t<\/div>\n\t\t\t\t<\/div>\n\t\t<div class=\"elementor-element elementor-element-056b50b e-flex e-con-boxed wpr-particle-no wpr-jarallax-no wpr-parallax-no wpr-sticky-section-no wpr-equal-height-no e-con e-parent\" data-id=\"056b50b\" data-element_type=\"container\">\n\t\t\t\t\t<div class=\"e-con-inner\">\n\t\t\t\t<div class=\"elementor-element elementor-element-a212c80 elementor-widget__width-initial elementor-widget elementor-widget-image-box\" data-id=\"a212c80\" data-element_type=\"widget\" data-widget_type=\"image-box.default\">\n\t\t\t\t<div class=\"elementor-widget-container\">\n\t\t\t\t\t<div class=\"elementor-image-box-wrapper\"><div class=\"elementor-image-box-content\"><h3 class=\"elementor-image-box-title\"><a href=\"https:\/\/www.laselvaturisme.com\/\" target=\"_blank\">Turisme la Selva<\/a><\/h3><p class=\"elementor-image-box-description\">La Selva \u00e9s una comarca molt heterog\u00e8nia que ofereix al visitant una \u00e0mplia oferta per a tots els gustos. Des del litoral de la Costa Brava, passant per la plana o la zona del Ter Brugent fins arribar a les muntanyes del Montseny.\nLa Selva \u00e9s coneguda com a \u00abla comarca de l'aigua\u00bb i \u00abterra de castells\u00bb, la qual cosa demostra que est\u00e0 definida per la natura i el patrimoni.<\/p><\/div><\/div>\t\t\t\t<\/div>\n\t\t\t\t<\/div>\n\t\t\t\t<div class=\"elementor-element elementor-element-9f84e70 elementor-widget__width-initial elementor-widget elementor-widget-image-box\" data-id=\"9f84e70\" data-element_type=\"widget\" data-widget_type=\"image-box.default\">\n\t\t\t\t<div class=\"elementor-widget-container\">\n\t\t\t\t\t<div class=\"elementor-image-box-wrapper\"><div class=\"elementor-image-box-content\"><h3 class=\"elementor-image-box-title\"><a href=\"https:\/\/costabrava.org\/\" target=\"_blank\">Costa Brava Pirineu de Girona<\/a><\/h3><p class=\"elementor-image-box-description\">La Costa Brava \u00e9s una suma de sensacions que et sorprendran des de Blanes fins a Portbou. Natura, cultura i patrimoni defineixen aquest territori.\n\n<\/p><\/div><\/div>\t\t\t\t<\/div>\n\t\t\t\t<\/div>\n\t\t\t\t<div class=\"elementor-element elementor-element-e83bf14 elementor-widget__width-initial elementor-widget elementor-widget-image-box\" data-id=\"e83bf14\" data-element_type=\"widget\" data-widget_type=\"image-box.default\">\n\t\t\t\t<div class=\"elementor-widget-container\">\n\t\t\t\t\t<div class=\"elementor-image-box-wrapper\"><div class=\"elementor-image-box-content\"><h3 class=\"elementor-image-box-title\"><a href=\"https:\/\/parcs.diba.cat\/web\/montseny\" target=\"_blank\">Parc Natural del Montseny<\/a><\/h3><p class=\"elementor-image-box-description\">El Parc Natural del Montseny, considerat tamb\u00e9 Reserva de la Biosfera, \u00e9s un mosaic de paisatges mediterranis i centreeuropeus situat a la serralada Prelitoral Catalana, entre les demarcacions de Barcelona i Girona.\n\n<\/p><\/div><\/div>\t\t\t\t<\/div>\n\t\t\t\t<\/div>\n\t\t\t\t<div class=\"elementor-element elementor-element-96670ad elementor-widget__width-initial elementor-widget elementor-widget-image-box\" data-id=\"96670ad\" data-element_type=\"widget\" data-widget_type=\"image-box.default\">\n\t\t\t\t<div class=\"elementor-widget-container\">\n\t\t\t\t\t<div class=\"elementor-image-box-wrapper\"><div class=\"elementor-image-box-content\"><h3 class=\"elementor-image-box-title\"><a href=\"https:\/\/parcs.diba.cat\/web\/montnegre\" target=\"_blank\">Parc Natural del Montnegre Corredor<\/a><\/h3><p class=\"elementor-image-box-description\">Dos grans massissos, el Corredor i el Montnegre, configuren aquest espai, situat a la Serralada Litoral. D\u00f2lmens neol\u00edtics, restes arquol\u00f2giques d\u2019\u00e8poca ib\u00e8rica i esgl\u00e9sies medievals es reparteixen dins un paisatge vorejat de conreus, boscos i masies\n\n<\/p><\/div><\/div>\t\t\t\t<\/div>\n\t\t\t\t<\/div>\n\t\t\t\t\t<\/div>\n\t\t\t\t<\/div>\n\t\t<div class=\"elementor-element elementor-element-6d0c3dd e-flex e-con-boxed wpr-particle-no wpr-jarallax-no wpr-parallax-no wpr-sticky-section-no wpr-equal-height-no e-con e-parent\" data-id=\"6d0c3dd\" data-element_type=\"container\">\n\t\t\t\t\t<div class=\"e-con-inner\">\n\t\t\t\t\t<\/div>\n\t\t\t\t<\/div>\n\t\t\t\t<\/div>\n\t\t","protected":false},"excerpt":{"rendered":"<p>Hostalric gaudeix d\u2019un empla\u00e7ament privilegiat i d\u2019una molt\u00a0bona comunicaci\u00f3. La vila est\u00e0 situada al costat del\u00a0riu Tordera\u00a0i \u00e9s una de les portes d\u2019entrada al\u00a0Parc Natural del Montseny\u00a0i el\u00a0Parc del Montnegre Corredor.\u00a0Girona\u00a0i Barcelona\u00a0es troben a\u00a040 i 60 km\u00a0respectivament, i a 30 minuts en cotxe hi tenim els principals nuclis tur\u00edstics de la\u00a0Costa Brava. Turisme la Selva La Selva \u00e9s una comarca molt heterog\u00e8nia que ofereix al visitant una \u00e0mplia oferta per a tots els gustos. Des del litoral de la Costa Brava, passant per la plana o la zona del Ter Brugent fins arribar a les muntanyes del Montseny. La Selva \u00e9s coneguda com a \u00abla comarca de l&#8217;aigua\u00bb i \u00abterra de castells\u00bb, la qual cosa demostra que est\u00e0 definida per la natura i el patrimoni. Costa Brava Pirineu de Girona La Costa Brava \u00e9s una suma de sensacions que et sorprendran des de Blanes fins a Portbou. Natura, cultura i patrimoni defineixen aquest territori. Parc Natural del Montseny El Parc Natural del Montseny, considerat tamb\u00e9 Reserva de la Biosfera, \u00e9s un mosaic de paisatges mediterranis i centreeuropeus situat a la serralada Prelitoral Catalana, entre les demarcacions de Barcelona i Girona. Parc Natural del Montnegre Corredor Dos grans massissos, el Corredor i el Montnegre, configuren aquest espai, situat a la Serralada Litoral. D\u00f2lmens neol\u00edtics, restes arquol\u00f2giques d\u2019\u00e8poca ib\u00e8rica i esgl\u00e9sies medievals es reparteixen dins un paisatge vorejat de conreus, boscos i masies<\/p>\n","protected":false},"author":1,"featured_media":1997,"parent":711,"menu_order":5,"comment_status":"closed","ping_status":"closed","template":"","meta":{"_acf_changed":false,"footnotes":""},"class_list":["post-834","page","type-page","status-publish","has-post-thumbnail"],"acf":[],"_links":{"self":[{"href":"https:\/\/www.turismehostalric.cat\/ca\/wp-json\/wp\/v2\/pages\/834","targetHints":{"allow":["GET"]}}],"collection":[{"href":"https:\/\/www.turismehostalric.cat\/ca\/wp-json\/wp\/v2\/pages"}],"about":[{"href":"https:\/\/www.turismehostalric.cat\/ca\/wp-json\/wp\/v2\/types\/page"}],"author":[{"embeddable":true,"href":"https:\/\/www.turismehostalric.cat\/ca\/wp-json\/wp\/v2\/users\/1"}],"replies":[{"embeddable":true,"href":"https:\/\/www.turismehostalric.cat\/ca\/wp-json\/wp\/v2\/comments?post=834"}],"version-history":[{"count":0,"href":"https:\/\/www.turismehostalric.cat\/ca\/wp-json\/wp\/v2\/pages\/834\/revisions"}],"up":[{"embeddable":true,"href":"https:\/\/www.turismehostalric.cat\/ca\/wp-json\/wp\/v2\/pages\/711"}],"wp:featuredmedia":[{"embeddable":true,"href":"https:\/\/www.turismehostalric.cat\/ca\/wp-json\/wp\/v2\/media\/1997"}],"wp:attachment":[{"href":"https:\/\/www.turismehostalric.cat\/ca\/wp-json\/wp\/v2\/media?parent=834"}],"curies":[{"name":"wp","href":"https:\/\/api.w.org\/{rel}","templated":true}]}}