{"id":463,"date":"2024-03-20T09:51:26","date_gmt":"2024-03-20T08:51:26","guid":{"rendered":"https:\/\/w.turismehostalric.cat\/?page_id=463"},"modified":"2024-10-04T09:07:39","modified_gmt":"2024-10-04T07:07:39","slug":"domus-can-llensa","status":"publish","type":"page","link":"https:\/\/www.turismehostalric.cat\/ca\/hostalric\/domus-can-llensa\/","title":{"rendered":"La Domus &#8211; Can Llensa"},"content":{"rendered":"\t\t<div data-elementor-type=\"wp-page\" data-elementor-id=\"463\" class=\"elementor elementor-463\" data-elementor-post-type=\"page\">\n\t\t\t\t<div class=\"elementor-element elementor-element-2b062ffa e-flex e-con-boxed wpr-particle-no wpr-jarallax-no wpr-parallax-no wpr-sticky-section-no wpr-equal-height-no e-con e-parent\" data-id=\"2b062ffa\" data-element_type=\"container\">\n\t\t\t\t\t<div class=\"e-con-inner\">\n\t\t\t\t<div class=\"elementor-element elementor-element-d98da89 elementor-widget elementor-widget-text-editor\" data-id=\"d98da89\" data-element_type=\"widget\" data-widget_type=\"text-editor.default\">\n\t\t\t\t<div class=\"elementor-widget-container\">\n\t\t\t\t\t\t\t\t\t<p>La\u00a0<strong>Domus &#8211; Can Llensa, centre de promoci\u00f3 tur\u00edstica i cultural d&#8217;Hostalric<\/strong>\u00a0\u00e9s la seu l\u2019<strong>Oficina de Turisme<\/strong>, integrada dins la Xarxa d\u2019Oficines de Turisme de Catalunya promoguda per la Direcci\u00f3 General de Turisme de la Generalitat de Catalunya.<\/p>\n<p>L&#8217;edifici constru\u00eft l\u2019any 1898 per l\u2019empresari Alfons Llensa i Plademunt com a f\u00e0brica de taps de suro.\u00a0L&#8217;equipament tal com l&#8217;entenem avui va ser ideat per\u00a0<strong>MSB Estudi Taller d\u2019Arquitectura<\/strong>\u00a0(2010) i l\u2019execuci\u00f3 la van dur a terme empreses i professionals locals. Des de llavors,\u00a0s\u2019ha consolidat com un espai polivalent centrat en la promoci\u00f3 tur\u00edstica del municipi i la difusi\u00f3 del patrimoni cultural i gastron\u00f2mic local.\u00a0<\/p>\t\t\t\t\t\t\t\t<\/div>\n\t\t\t\t<\/div>\n\t\t\t\t\t<\/div>\n\t\t\t\t<\/div>\n\t\t<div class=\"elementor-element elementor-element-3841a0e e-flex e-con-boxed wpr-particle-no wpr-jarallax-no wpr-parallax-no wpr-sticky-section-no wpr-equal-height-no e-con e-parent\" data-id=\"3841a0e\" data-element_type=\"container\">\n\t\t\t\t\t<div class=\"e-con-inner\">\n\t\t\t\t<div class=\"elementor-element elementor-element-f327c1d elementor-widget elementor-widget-image-gallery\" data-id=\"f327c1d\" data-element_type=\"widget\" data-widget_type=\"image-gallery.default\">\n\t\t\t\t<div class=\"elementor-widget-container\">\n\t\t\t\t\t\t\t<div class=\"elementor-image-gallery\">\n\t\t\t<div id='gallery-1' class='gallery galleryid-463 gallery-columns-4 gallery-size-large'><figure class='gallery-item'>\n\t\t\t<div class='gallery-icon landscape'>\n\t\t\t\t<a data-elementor-open-lightbox=\"yes\" data-elementor-lightbox-slideshow=\"f327c1d\" data-elementor-lightbox-title=\"a4fe9-Historia_2\" data-e-action-hash=\"#elementor-action%3Aaction%3Dlightbox%26settings%3DeyJpZCI6OTkyLCJ1cmwiOiJodHRwczpcL1wvd3d3LnR1cmlzbWVob3N0YWxyaWMuY2F0XC93cC1jb250ZW50XC91cGxvYWRzXC8yMDI0XC8wM1wvYTRmZTktSGlzdG9yaWFfMi5qcGciLCJzbGlkZXNob3ciOiJmMzI3YzFkIn0%3D\" href='https:\/\/www.turismehostalric.cat\/wp-content\/uploads\/2024\/03\/a4fe9-Historia_2.jpg'><img fetchpriority=\"high\" width=\"1000\" height=\"650\" src=\"https:\/\/www.turismehostalric.cat\/wp-content\/uploads\/2024\/03\/a4fe9-Historia_2.jpg\" class=\"attachment-large size-large\" alt=\"\" decoding=\"async\" srcset=\"https:\/\/www.turismehostalric.cat\/wp-content\/uploads\/2024\/03\/a4fe9-Historia_2.jpg 1000w, https:\/\/www.turismehostalric.cat\/wp-content\/uploads\/2024\/03\/a4fe9-Historia_2-300x195.jpg 300w, https:\/\/www.turismehostalric.cat\/wp-content\/uploads\/2024\/03\/a4fe9-Historia_2-768x499.jpg 768w\" sizes=\"(max-width: 1000px) 100vw, 1000px\" \/><\/a>\n\t\t\t<\/div><\/figure><figure class='gallery-item'>\n\t\t\t<div class='gallery-icon landscape'>\n\t\t\t\t<a data-elementor-open-lightbox=\"yes\" data-elementor-lightbox-slideshow=\"f327c1d\" data-elementor-lightbox-title=\"a5c36-3_Domus_espai-cupules\" data-e-action-hash=\"#elementor-action%3Aaction%3Dlightbox%26settings%3DeyJpZCI6OTgwLCJ1cmwiOiJodHRwczpcL1wvd3d3LnR1cmlzbWVob3N0YWxyaWMuY2F0XC93cC1jb250ZW50XC91cGxvYWRzXC8yMDI0XC8wM1wvYTVjMzYtM19Eb211c19lc3BhaS1jdXB1bGVzLnBuZyIsInNsaWRlc2hvdyI6ImYzMjdjMWQifQ%3D%3D\" href='https:\/\/www.turismehostalric.cat\/wp-content\/uploads\/2024\/03\/a5c36-3_Domus_espai-cupules.png'><img width=\"500\" height=\"333\" src=\"https:\/\/www.turismehostalric.cat\/wp-content\/uploads\/2024\/03\/a5c36-3_Domus_espai-cupules.png\" class=\"attachment-large size-large\" alt=\"\" decoding=\"async\" srcset=\"https:\/\/www.turismehostalric.cat\/wp-content\/uploads\/2024\/03\/a5c36-3_Domus_espai-cupules.png 500w, https:\/\/www.turismehostalric.cat\/wp-content\/uploads\/2024\/03\/a5c36-3_Domus_espai-cupules-300x200.png 300w\" sizes=\"(max-width: 500px) 100vw, 500px\" \/><\/a>\n\t\t\t<\/div><\/figure><figure class='gallery-item'>\n\t\t\t<div class='gallery-icon landscape'>\n\t\t\t\t<a data-elementor-open-lightbox=\"yes\" data-elementor-lightbox-slideshow=\"f327c1d\" data-elementor-lightbox-title=\"b0355-4_Domus_espai-restauracio\" data-e-action-hash=\"#elementor-action%3Aaction%3Dlightbox%26settings%3DeyJpZCI6OTg0LCJ1cmwiOiJodHRwczpcL1wvd3d3LnR1cmlzbWVob3N0YWxyaWMuY2F0XC93cC1jb250ZW50XC91cGxvYWRzXC8yMDI0XC8wM1wvYjAzNTUtNF9Eb211c19lc3BhaS1yZXN0YXVyYWNpby5wbmciLCJzbGlkZXNob3ciOiJmMzI3YzFkIn0%3D\" href='https:\/\/www.turismehostalric.cat\/wp-content\/uploads\/2024\/03\/b0355-4_Domus_espai-restauracio.png'><img width=\"500\" height=\"333\" src=\"https:\/\/www.turismehostalric.cat\/wp-content\/uploads\/2024\/03\/b0355-4_Domus_espai-restauracio.png\" class=\"attachment-large size-large\" alt=\"\" decoding=\"async\" srcset=\"https:\/\/www.turismehostalric.cat\/wp-content\/uploads\/2024\/03\/b0355-4_Domus_espai-restauracio.png 500w, https:\/\/www.turismehostalric.cat\/wp-content\/uploads\/2024\/03\/b0355-4_Domus_espai-restauracio-300x200.png 300w\" sizes=\"(max-width: 500px) 100vw, 500px\" \/><\/a>\n\t\t\t<\/div><\/figure><figure class='gallery-item'>\n\t\t\t<div class='gallery-icon landscape'>\n\t\t\t\t<a data-elementor-open-lightbox=\"yes\" data-elementor-lightbox-slideshow=\"f327c1d\" data-elementor-lightbox-title=\"edbcb-2_Domus_OIT\" data-e-action-hash=\"#elementor-action%3Aaction%3Dlightbox%26settings%3DeyJpZCI6OTg4LCJ1cmwiOiJodHRwczpcL1wvd3d3LnR1cmlzbWVob3N0YWxyaWMuY2F0XC93cC1jb250ZW50XC91cGxvYWRzXC8yMDI0XC8wM1wvZWRiY2ItMl9Eb211c19PSVQucG5nIiwic2xpZGVzaG93IjoiZjMyN2MxZCJ9\" href='https:\/\/www.turismehostalric.cat\/wp-content\/uploads\/2024\/03\/edbcb-2_Domus_OIT.png'><img loading=\"lazy\" width=\"500\" height=\"333\" src=\"https:\/\/www.turismehostalric.cat\/wp-content\/uploads\/2024\/03\/edbcb-2_Domus_OIT.png\" class=\"attachment-large size-large\" alt=\"\" decoding=\"async\" srcset=\"https:\/\/www.turismehostalric.cat\/wp-content\/uploads\/2024\/03\/edbcb-2_Domus_OIT.png 500w, https:\/\/www.turismehostalric.cat\/wp-content\/uploads\/2024\/03\/edbcb-2_Domus_OIT-300x200.png 300w\" sizes=\"(max-width: 500px) 100vw, 500px\" \/><\/a>\n\t\t\t<\/div><\/figure>\n\t\t<\/div>\n\t\t<\/div>\n\t\t\t\t\t\t<\/div>\n\t\t\t\t<\/div>\n\t\t\t\t\t<\/div>\n\t\t\t\t<\/div>\n\t\t<div class=\"elementor-element elementor-element-84567e1 e-flex e-con-boxed wpr-particle-no wpr-jarallax-no wpr-parallax-no wpr-sticky-section-no wpr-equal-height-no e-con e-parent\" data-id=\"84567e1\" data-element_type=\"container\">\n\t\t\t\t\t<div class=\"e-con-inner\">\n\t\t<div class=\"elementor-element elementor-element-b2fc1e5 e-con-full e-flex wpr-particle-no wpr-jarallax-no wpr-parallax-no wpr-sticky-section-no wpr-equal-height-no e-con e-child\" data-id=\"b2fc1e5\" data-element_type=\"container\">\n\t\t\t\t<div class=\"elementor-element elementor-element-0938f67 elementor-widget-divider--view-line_text elementor-widget-divider--element-align-left elementor-widget elementor-widget-divider\" data-id=\"0938f67\" data-element_type=\"widget\" data-widget_type=\"divider.default\">\n\t\t\t\t<div class=\"elementor-widget-container\">\n\t\t\t\t\t\t\t<div class=\"elementor-divider\">\n\t\t\t<span class=\"elementor-divider-separator\">\n\t\t\t\t\t\t\t<span class=\"elementor-divider__text elementor-divider__element\">\n\t\t\t\tL'espai\t\t\t\t<\/span>\n\t\t\t\t\t\t<\/span>\n\t\t<\/div>\n\t\t\t\t\t\t<\/div>\n\t\t\t\t<\/div>\n\t\t\t\t<div class=\"elementor-element elementor-element-90e9b4e elementor-widget elementor-widget-text-editor\" data-id=\"90e9b4e\" data-element_type=\"widget\" data-widget_type=\"text-editor.default\">\n\t\t\t\t<div class=\"elementor-widget-container\">\n\t\t\t\t\t\t\t\t\t<p>L\u2019edifici consta de tres plantes. La planta 0 \u00e9s un espai polivalent on hi trobem l&#8217;oficina de turisme d&#8217;Hostalric amb continu\u00eftat a una sala adaptada per acollir propostes culturals tals com exposicions, mostres, xerrades, degustacions,&#8230;<\/p>\n<p>El vidre present en aquesta planta permet gaudir de les excel\u00b7lents vistes a la vila.<\/p>\n<p>A la planta baixa hi ha una sala polivalent destinada a entitats i associacions municipals.<\/p>\n<p>A la planta superior hi trobem l\u2019espai de restauraci\u00f3, amb continu\u00eftat cap a la terrassa amb vistes al Montnegre i al castell d&#8217;hostalric. Aquest \u00e9s un espai ideal per a experi\u00e8ncies gastron\u00f2miques i lloguers.<\/p>\t\t\t\t\t\t\t\t<\/div>\n\t\t\t\t<\/div>\n\t\t\t\t<\/div>\n\t\t<div class=\"elementor-element elementor-element-9cf8395 e-con-full e-flex wpr-particle-no wpr-jarallax-no wpr-parallax-no wpr-sticky-section-no wpr-equal-height-no e-con e-child\" data-id=\"9cf8395\" data-element_type=\"container\">\n\t\t\t\t<div class=\"elementor-element elementor-element-86d60e5 elementor-widget-divider--view-line_text elementor-widget-divider--element-align-left elementor-widget elementor-widget-divider\" data-id=\"86d60e5\" data-element_type=\"widget\" data-widget_type=\"divider.default\">\n\t\t\t\t<div class=\"elementor-widget-container\">\n\t\t\t\t\t\t\t<div class=\"elementor-divider\">\n\t\t\t<span class=\"elementor-divider-separator\">\n\t\t\t\t\t\t\t<span class=\"elementor-divider__text elementor-divider__element\">\n\t\t\t\tLloguer d'espais\t\t\t\t<\/span>\n\t\t\t\t\t\t<\/span>\n\t\t<\/div>\n\t\t\t\t\t\t<\/div>\n\t\t\t\t<\/div>\n\t\t\t\t<div class=\"elementor-element elementor-element-f1a4b97 elementor-widget elementor-widget-text-editor\" data-id=\"f1a4b97\" data-element_type=\"widget\" data-widget_type=\"text-editor.default\">\n\t\t\t\t<div class=\"elementor-widget-container\">\n\t\t\t\t\t\t\t\t\t<p>La Domus &#8211; Can Llensa posa a la vostra disposici\u00f3 el lloguer dels espais\u00a0<strong style=\"color: var( --e-global-color-b96a02b ); font-family: var( --e-global-typography-5e9ee57-font-family ), Sans-serif; font-size: var( --e-global-typography-5e9ee57-font-size ); letter-spacing: var( --e-global-typography-5e9ee57-letter-spacing ); word-spacing: var( --e-global-typography-5e9ee57-word-spacing ); text-align: var(--text-align); background-color: var(--base-2);\">totalment equipats<\/strong><span style=\"color: var( --e-global-color-b96a02b ); font-family: var( --e-global-typography-5e9ee57-font-family ), Sans-serif; font-size: var( --e-global-typography-5e9ee57-font-size ); font-weight: var( --e-global-typography-5e9ee57-font-weight ); letter-spacing: var( --e-global-typography-5e9ee57-letter-spacing ); word-spacing: var( --e-global-typography-5e9ee57-word-spacing ); text-align: var(--text-align); background-color: var(--base-2);\">. Si voleu organitzar un acte privat, una reuni\u00f3 d\u2019amics i familiars, un esdeveniment d\u2019empresa,&#8230; us oferim un\u00a0<\/span><strong style=\"color: var( --e-global-color-b96a02b ); font-family: var( --e-global-typography-5e9ee57-font-family ), Sans-serif; font-size: var( --e-global-typography-5e9ee57-font-size ); letter-spacing: var( --e-global-typography-5e9ee57-letter-spacing ); word-spacing: var( --e-global-typography-5e9ee57-word-spacing ); text-align: var(--text-align); background-color: var(--base-2);\">espai c\u00f2mode, acollidor i exclusiu<\/strong><span style=\"color: var( --e-global-color-b96a02b ); font-family: var( --e-global-typography-5e9ee57-font-family ), Sans-serif; font-size: var( --e-global-typography-5e9ee57-font-size ); font-weight: var( --e-global-typography-5e9ee57-font-weight ); letter-spacing: var( --e-global-typography-5e9ee57-letter-spacing ); word-spacing: var( --e-global-typography-5e9ee57-word-spacing ); text-align: var(--text-align); background-color: var(--base-2);\">.<\/span><\/p><p>Per empreses, un espai amb\u00a0<strong>equipament professional i t\u00e8cnic<\/strong>\u00a0per a tot tipus de presentacions, xerrades i trobades professionals. Per a grups particulars un ambient exclusiu i privat amb totes les comoditats i amb\u00a0<strong>vistes al castell i el recinte medieval<\/strong>\u00a0d&#8217;Hostalric.<\/p><p>Per a m\u00e9s informaci\u00f3 i preus, poseu-vos en contacte amb nosaltres a trav\u00e9s del\u00a0<strong><a href=\"https:\/\/www.turismehostalric.cat\/ca\/organitzat\/contacteu\">formulari de contacte<\/a><\/strong>.<\/p>\t\t\t\t\t\t\t\t<\/div>\n\t\t\t\t<\/div>\n\t\t\t\t<\/div>\n\t\t\t\t\t<\/div>\n\t\t\t\t<\/div>\n\t\t<div class=\"elementor-element elementor-element-8776aa5 e-flex e-con-boxed wpr-particle-no wpr-jarallax-no wpr-parallax-no wpr-sticky-section-no wpr-equal-height-no e-con e-parent\" data-id=\"8776aa5\" data-element_type=\"container\">\n\t\t\t\t\t<div class=\"e-con-inner\">\n\t\t\t\t<div class=\"elementor-element elementor-element-5dc652d elementor-widget-divider--view-line_text elementor-widget-divider--element-align-left elementor-widget elementor-widget-divider\" data-id=\"5dc652d\" data-element_type=\"widget\" data-widget_type=\"divider.default\">\n\t\t\t\t<div class=\"elementor-widget-container\">\n\t\t\t\t\t\t\t<div class=\"elementor-divider\">\n\t\t\t<span class=\"elementor-divider-separator\">\n\t\t\t\t\t\t\t<span class=\"elementor-divider__text elementor-divider__element\">\n\t\t\t\tContacta amb nosaltres\t\t\t\t<\/span>\n\t\t\t\t\t\t<\/span>\n\t\t<\/div>\n\t\t\t\t\t\t<\/div>\n\t\t\t\t<\/div>\n\t\t<div class=\"elementor-element elementor-element-aa12700 e-flex e-con-boxed wpr-particle-no wpr-jarallax-no wpr-parallax-no wpr-sticky-section-no wpr-equal-height-no e-con e-child\" data-id=\"aa12700\" data-element_type=\"container\">\n\t\t\t\t\t<div class=\"e-con-inner\">\n\t\t<div class=\"elementor-element elementor-element-7b81da9 e-con-full e-flex wpr-particle-no wpr-jarallax-no wpr-parallax-no wpr-sticky-section-no wpr-equal-height-no e-con e-child\" data-id=\"7b81da9\" data-element_type=\"container\">\n\t\t\t\t<div class=\"elementor-element elementor-element-f849bdb elementor-widget elementor-widget-text-editor\" data-id=\"f849bdb\" data-element_type=\"widget\" data-widget_type=\"text-editor.default\">\n\t\t\t\t<div class=\"elementor-widget-container\">\n\t\t\t\t\t\t\t\t\tSi penseu que els nostres espais poden acollir el vostre esdeveniment, no dubteu en posar-vos en contacte amb nosaltres a trav\u00e9s del seg\u00fcent formulari i us farem arribar tota la informaci\u00f3. \t\t\t\t\t\t\t\t<\/div>\n\t\t\t\t<\/div>\n\t\t\t\t<div class=\"elementor-element elementor-element-df70f8f elementor-icon-list--layout-traditional elementor-list-item-link-full_width elementor-widget elementor-widget-icon-list\" data-id=\"df70f8f\" data-element_type=\"widget\" data-widget_type=\"icon-list.default\">\n\t\t\t\t<div class=\"elementor-widget-container\">\n\t\t\t\t\t\t\t<ul class=\"elementor-icon-list-items\">\n\t\t\t\t\t\t\t<li class=\"elementor-icon-list-item\">\n\t\t\t\t\t\t\t\t\t\t\t<span class=\"elementor-icon-list-icon\">\n\t\t\t\t\t\t\t<svg aria-hidden=\"true\" class=\"e-font-icon-svg e-fas-phone-alt\" viewBox=\"0 0 512 512\" xmlns=\"http:\/\/www.w3.org\/2000\/svg\"><path d=\"M497.39 361.8l-112-48a24 24 0 0 0-28 6.9l-49.6 60.6A370.66 370.66 0 0 1 130.6 204.11l60.6-49.6a23.94 23.94 0 0 0 6.9-28l-48-112A24.16 24.16 0 0 0 122.6.61l-104 24A24 24 0 0 0 0 48c0 256.5 207.9 464 464 464a24 24 0 0 0 23.4-18.6l24-104a24.29 24.29 0 0 0-14.01-27.6z\"><\/path><\/svg>\t\t\t\t\t\t<\/span>\n\t\t\t\t\t\t\t\t\t\t<span class=\"elementor-icon-list-text\">972 87 41 65<\/span>\n\t\t\t\t\t\t\t\t\t<\/li>\n\t\t\t\t\t\t\t\t<li class=\"elementor-icon-list-item\">\n\t\t\t\t\t\t\t\t\t\t\t<span class=\"elementor-icon-list-icon\">\n\t\t\t\t\t\t\t<svg aria-hidden=\"true\" class=\"e-font-icon-svg e-fab-whatsapp\" viewBox=\"0 0 448 512\" xmlns=\"http:\/\/www.w3.org\/2000\/svg\"><path d=\"M380.9 97.1C339 55.1 283.2 32 223.9 32c-122.4 0-222 99.6-222 222 0 39.1 10.2 77.3 29.6 111L0 480l117.7-30.9c32.4 17.7 68.9 27 106.1 27h.1c122.3 0 224.1-99.6 224.1-222 0-59.3-25.2-115-67.1-157zm-157 341.6c-33.2 0-65.7-8.9-94-25.7l-6.7-4-69.8 18.3L72 359.2l-4.4-7c-18.5-29.4-28.2-63.3-28.2-98.2 0-101.7 82.8-184.5 184.6-184.5 49.3 0 95.6 19.2 130.4 54.1 34.8 34.9 56.2 81.2 56.1 130.5 0 101.8-84.9 184.6-186.6 184.6zm101.2-138.2c-5.5-2.8-32.8-16.2-37.9-18-5.1-1.9-8.8-2.8-12.5 2.8-3.7 5.6-14.3 18-17.6 21.8-3.2 3.7-6.5 4.2-12 1.4-32.6-16.3-54-29.1-75.5-66-5.7-9.8 5.7-9.1 16.3-30.3 1.8-3.7.9-6.9-.5-9.7-1.4-2.8-12.5-30.1-17.1-41.2-4.5-10.8-9.1-9.3-12.5-9.5-3.2-.2-6.9-.2-10.6-.2-3.7 0-9.7 1.4-14.8 6.9-5.1 5.6-19.4 19-19.4 46.3 0 27.3 19.9 53.7 22.6 57.4 2.8 3.7 39.1 59.7 94.8 83.8 35.2 15.2 49 16.5 66.6 13.9 10.7-1.6 32.8-13.4 37.4-26.4 4.6-13 4.6-24.1 3.2-26.4-1.3-2.5-5-3.9-10.5-6.6z\"><\/path><\/svg>\t\t\t\t\t\t<\/span>\n\t\t\t\t\t\t\t\t\t\t<span class=\"elementor-icon-list-text\">685 88 28 49<\/span>\n\t\t\t\t\t\t\t\t\t<\/li>\n\t\t\t\t\t\t\t\t<li class=\"elementor-icon-list-item\">\n\t\t\t\t\t\t\t\t\t\t\t<span class=\"elementor-icon-list-icon\">\n\t\t\t\t\t\t\t<svg aria-hidden=\"true\" class=\"e-font-icon-svg e-far-envelope\" viewBox=\"0 0 512 512\" xmlns=\"http:\/\/www.w3.org\/2000\/svg\"><path d=\"M464 64H48C21.49 64 0 85.49 0 112v288c0 26.51 21.49 48 48 48h416c26.51 0 48-21.49 48-48V112c0-26.51-21.49-48-48-48zm0 48v40.805c-22.422 18.259-58.168 46.651-134.587 106.49-16.841 13.247-50.201 45.072-73.413 44.701-23.208.375-56.579-31.459-73.413-44.701C106.18 199.465 70.425 171.067 48 152.805V112h416zM48 400V214.398c22.914 18.251 55.409 43.862 104.938 82.646 21.857 17.205 60.134 55.186 103.062 54.955 42.717.231 80.509-37.199 103.053-54.947 49.528-38.783 82.032-64.401 104.947-82.653V400H48z\"><\/path><\/svg>\t\t\t\t\t\t<\/span>\n\t\t\t\t\t\t\t\t\t\t<span class=\"elementor-icon-list-text\">turisme@hostalric.cat<\/span>\n\t\t\t\t\t\t\t\t\t<\/li>\n\t\t\t\t\t\t<\/ul>\n\t\t\t\t\t\t<\/div>\n\t\t\t\t<\/div>\n\t\t\t\t<\/div>\n\t\t<div class=\"elementor-element elementor-element-96350b3 e-con-full e-flex wpr-particle-no wpr-jarallax-no wpr-parallax-no wpr-sticky-section-no wpr-equal-height-no e-con e-child\" data-id=\"96350b3\" data-element_type=\"container\">\n\t\t\t\t<div class=\"elementor-element elementor-element-f7a9bc4 elementor-button-align-stretch elementor-widget elementor-widget-form\" data-id=\"f7a9bc4\" data-element_type=\"widget\" data-settings=\"{&quot;step_next_label&quot;:&quot;Next&quot;,&quot;step_previous_label&quot;:&quot;Previous&quot;,&quot;button_width&quot;:&quot;100&quot;,&quot;step_type&quot;:&quot;number_text&quot;,&quot;step_icon_shape&quot;:&quot;circle&quot;}\" data-widget_type=\"form.default\">\n\t\t\t\t<div class=\"elementor-widget-container\">\n\t\t\t\t\t\t\t<form class=\"elementor-form\" method=\"post\" name=\"New Form\" aria-label=\"New Form\">\n\t\t\t<input type=\"hidden\" name=\"post_id\" value=\"463\"\/>\n\t\t\t<input type=\"hidden\" name=\"form_id\" value=\"f7a9bc4\"\/>\n\t\t\t<input type=\"hidden\" name=\"referer_title\" value=\"La Domus &#8211; Can Llensa\" \/>\n\n\t\t\t\t\t\t\t<input type=\"hidden\" name=\"queried_id\" value=\"463\"\/>\n\t\t\t\n\t\t\t<div class=\"elementor-form-fields-wrapper elementor-labels-\">\n\t\t\t\t\t\t\t\t<div class=\"elementor-field-type-text elementor-field-group elementor-column elementor-field-group-name elementor-col-100 elementor-field-required\">\n\t\t\t\t\t\t\t\t\t\t\t\t<label for=\"form-field-name\" class=\"elementor-field-label elementor-screen-only\">\n\t\t\t\t\t\t\t\tNom\t\t\t\t\t\t\t<\/label>\n\t\t\t\t\t\t\t\t\t\t\t\t\t\t<input size=\"1\" type=\"text\" name=\"form_fields[name]\" id=\"form-field-name\" class=\"elementor-field elementor-size-md  elementor-field-textual\" placeholder=\"Nom\" required=\"required\">\n\t\t\t\t\t\t\t\t\t\t\t<\/div>\n\t\t\t\t\t\t\t\t<div class=\"elementor-field-type-text elementor-field-group elementor-column elementor-field-group-field_01e6a7d elementor-col-100 elementor-field-required\">\n\t\t\t\t\t\t\t\t\t\t\t\t<label for=\"form-field-field_01e6a7d\" class=\"elementor-field-label elementor-screen-only\">\n\t\t\t\t\t\t\t\tTel\u00e8fon\t\t\t\t\t\t\t<\/label>\n\t\t\t\t\t\t\t\t\t\t\t\t\t\t<input size=\"1\" type=\"text\" name=\"form_fields[field_01e6a7d]\" id=\"form-field-field_01e6a7d\" class=\"elementor-field elementor-size-md  elementor-field-textual\" placeholder=\"Tel\u00e8fon\" required=\"required\">\n\t\t\t\t\t\t\t\t\t\t\t<\/div>\n\t\t\t\t\t\t\t\t<div class=\"elementor-field-type-email elementor-field-group elementor-column elementor-field-group-email elementor-col-100 elementor-field-required\">\n\t\t\t\t\t\t\t\t\t\t\t\t<label for=\"form-field-email\" class=\"elementor-field-label elementor-screen-only\">\n\t\t\t\t\t\t\t\tEmail\t\t\t\t\t\t\t<\/label>\n\t\t\t\t\t\t\t\t\t\t\t\t\t\t<input size=\"1\" type=\"email\" name=\"form_fields[email]\" id=\"form-field-email\" class=\"elementor-field elementor-size-md  elementor-field-textual\" placeholder=\"Email\" required=\"required\">\n\t\t\t\t\t\t\t\t\t\t\t<\/div>\n\t\t\t\t\t\t\t\t<div class=\"elementor-field-type-textarea elementor-field-group elementor-column elementor-field-group-message elementor-col-100 elementor-field-required\">\n\t\t\t\t\t\t\t\t\t\t\t\t<label for=\"form-field-message\" class=\"elementor-field-label elementor-screen-only\">\n\t\t\t\t\t\t\t\tMessage\t\t\t\t\t\t\t<\/label>\n\t\t\t\t\t\t<textarea class=\"elementor-field-textual elementor-field  elementor-size-md\" name=\"form_fields[message]\" id=\"form-field-message\" rows=\"4\" placeholder=\"Message\" required=\"required\"><\/textarea>\t\t\t\t<\/div>\n\t\t\t\t\t\t\t\t<div class=\"elementor-field-type-acceptance elementor-field-group elementor-column elementor-field-group-field_c4c1d3c elementor-col-100 elementor-field-required\">\n\t\t\t\t\t\t\t\t\t\t\t\t<label for=\"form-field-field_c4c1d3c\" class=\"elementor-field-label elementor-screen-only\">\n\t\t\t\t\t\t\t\taccepto\t\t\t\t\t\t\t<\/label>\n\t\t\t\t\t\t\t\t<div class=\"elementor-field-subgroup\">\n\t\t\t<span class=\"elementor-field-option\">\n\t\t\t\t<input type=\"checkbox\" name=\"form_fields[field_c4c1d3c]\" id=\"form-field-field_c4c1d3c\" class=\"elementor-field elementor-size-md  elementor-acceptance-field\" required=\"required\">\n\t\t\t\t<label for=\"form-field-field_c4c1d3c\">He llegit i accepto l'<a href=\"https:\/\/www.turismehostalric.cat\/politica-privacidad\/\" target=\"_blank\">Av\u00eds legal i pol\u00edtica de privacitat<\/a><\/label>\t\t\t<\/span>\n\t\t<\/div>\n\t\t\t\t\t\t<\/div>\n\t\t\t\t\t\t\t\t<div class=\"elementor-field-type-recaptcha_v3 elementor-field-group elementor-column elementor-field-group-field_58237e9 elementor-col-100 recaptcha_v3-inline\">\n\t\t\t\t\t<div class=\"elementor-field\" id=\"form-field-field_58237e9\"><div class=\"elementor-g-recaptcha\" data-sitekey=\"6LdhBqsfAAAAAD0on3DBGwiVcZV6Ev9gU6dXQDf8\" data-type=\"v3\" data-action=\"Form\" data-badge=\"inline\" data-size=\"invisible\"><\/div><\/div>\t\t\t\t<\/div>\n\t\t\t\t\t\t\t\t<div class=\"elementor-field-group elementor-column elementor-field-type-submit elementor-col-100 e-form__buttons\">\n\t\t\t\t\t<button class=\"elementor-button elementor-size-sm\" type=\"submit\">\n\t\t\t\t\t\t<span class=\"elementor-button-content-wrapper\">\n\t\t\t\t\t\t\t\t\t\t\t\t\t\t\t\t\t\t\t\t\t\t<span class=\"elementor-button-text\">Enviar<\/span>\n\t\t\t\t\t\t\t\t\t\t\t\t\t<\/span>\n\t\t\t\t\t<\/button>\n\t\t\t\t<\/div>\n\t\t\t<\/div>\n\t\t<\/form>\n\t\t\t\t\t\t<\/div>\n\t\t\t\t<\/div>\n\t\t\t\t<\/div>\n\t\t\t\t\t<\/div>\n\t\t\t\t<\/div>\n\t\t\t\t\t<\/div>\n\t\t\t\t<\/div>\n\t\t\t\t<\/div>\n\t\t","protected":false},"excerpt":{"rendered":"<p>La\u00a0Domus &#8211; Can Llensa, centre de promoci\u00f3 tur\u00edstica i cultural d&#8217;Hostalric\u00a0\u00e9s la seu l\u2019Oficina de Turisme, integrada dins la Xarxa d\u2019Oficines de Turisme de Catalunya promoguda per la Direcci\u00f3 General de Turisme de la Generalitat de Catalunya. L&#8217;edifici constru\u00eft l\u2019any 1898 per l\u2019empresari Alfons Llensa i Plademunt com a f\u00e0brica de taps de suro.\u00a0L&#8217;equipament tal com l&#8217;entenem avui va ser ideat per\u00a0MSB Estudi Taller d\u2019Arquitectura\u00a0(2010) i l\u2019execuci\u00f3 la van dur a terme empreses i professionals locals. Des de llavors,\u00a0s\u2019ha consolidat com un espai polivalent centrat en la promoci\u00f3 tur\u00edstica del municipi i la difusi\u00f3 del patrimoni cultural i gastron\u00f2mic local.\u00a0 L&#8217;espai L\u2019edifici consta de tres plantes. La planta 0 \u00e9s un espai polivalent on hi trobem l&#8217;oficina de turisme d&#8217;Hostalric amb continu\u00eftat a una sala adaptada per acollir propostes culturals tals com exposicions, mostres, xerrades, degustacions,&#8230; El vidre present en aquesta planta permet gaudir de les excel\u00b7lents vistes a la vila. A la planta baixa hi ha una sala polivalent destinada a entitats i associacions municipals. A la planta superior hi trobem l\u2019espai de restauraci\u00f3, amb continu\u00eftat cap a la terrassa amb vistes al Montnegre i al castell d&#8217;hostalric. Aquest \u00e9s un espai ideal per a experi\u00e8ncies gastron\u00f2miques i lloguers. Lloguer d&#8217;espais La Domus &#8211; Can Llensa posa a la vostra disposici\u00f3 el lloguer dels espais\u00a0totalment equipats. Si voleu organitzar un acte privat, una reuni\u00f3 d\u2019amics i familiars, un esdeveniment d\u2019empresa,&#8230; us oferim un\u00a0espai c\u00f2mode, acollidor i exclusiu. Per empreses, un espai amb\u00a0equipament professional i t\u00e8cnic\u00a0per a tot tipus de presentacions, xerrades i trobades professionals. Per a grups particulars un ambient exclusiu i privat amb totes les comoditats i amb\u00a0vistes al castell i el recinte medieval\u00a0d&#8217;Hostalric. Per a m\u00e9s informaci\u00f3 i preus, poseu-vos en contacte amb nosaltres a trav\u00e9s del\u00a0formulari de contacte. Contacta amb nosaltres Si penseu que els nostres espais poden acollir el vostre esdeveniment, no dubteu en posar-vos en contacte amb nosaltres a trav\u00e9s del seg\u00fcent formulari i us farem arribar tota la informaci\u00f3. 972 87 41 65 685 88 28 49 turisme@hostalric.cat<\/p>\n","protected":false},"author":1,"featured_media":464,"parent":527,"menu_order":11,"comment_status":"closed","ping_status":"closed","template":"","meta":{"_acf_changed":false,"footnotes":""},"class_list":["post-463","page","type-page","status-publish","has-post-thumbnail"],"acf":[],"_links":{"self":[{"href":"https:\/\/www.turismehostalric.cat\/ca\/wp-json\/wp\/v2\/pages\/463","targetHints":{"allow":["GET"]}}],"collection":[{"href":"https:\/\/www.turismehostalric.cat\/ca\/wp-json\/wp\/v2\/pages"}],"about":[{"href":"https:\/\/www.turismehostalric.cat\/ca\/wp-json\/wp\/v2\/types\/page"}],"author":[{"embeddable":true,"href":"https:\/\/www.turismehostalric.cat\/ca\/wp-json\/wp\/v2\/users\/1"}],"replies":[{"embeddable":true,"href":"https:\/\/www.turismehostalric.cat\/ca\/wp-json\/wp\/v2\/comments?post=463"}],"version-history":[{"count":0,"href":"https:\/\/www.turismehostalric.cat\/ca\/wp-json\/wp\/v2\/pages\/463\/revisions"}],"up":[{"embeddable":true,"href":"https:\/\/www.turismehostalric.cat\/ca\/wp-json\/wp\/v2\/pages\/527"}],"wp:featuredmedia":[{"embeddable":true,"href":"https:\/\/www.turismehostalric.cat\/ca\/wp-json\/wp\/v2\/media\/464"}],"wp:attachment":[{"href":"https:\/\/www.turismehostalric.cat\/ca\/wp-json\/wp\/v2\/media?parent=463"}],"curies":[{"name":"wp","href":"https:\/\/api.w.org\/{rel}","templated":true}]}}